{"id":933,"date":"2022-01-13T16:16:34","date_gmt":"2022-01-13T13:16:34","guid":{"rendered":"https:\/\/anastasios.ro\/zalau\/?page_id=933"},"modified":"2024-03-22T19:38:30","modified_gmt":"2024-03-22T16:38:30","slug":"dr-gabriel-emil-petre","status":"publish","type":"page","link":"https:\/\/anastasios.ro\/zalau\/dr-gabriel-emil-petre\/","title":{"rendered":"Medic &#8211; Dr. Gabriel Emil Petre"},"content":{"rendered":"<div class=\"gb-container gb-container-9092b670\"><div class=\"gb-inside-container\">\n\n<h1 class=\"gb-headline gb-headline-a3365616 gb-headline-text\">Dr. Gabriel Emil Petre<\/h1>\n\n\n\n<h2 class=\"gb-headline gb-headline-c5999d27 gb-headline-text\"><strong><strong><strong><strong>Medic Primar Chirurgie General<meta charset=\"utf-8\">\u0103<\/strong><\/strong><\/strong><\/strong><\/h2>\n\n\n\n<div class=\"line-separator\"><\/div>\n\n\n\n<h2 class=\"gb-headline gb-headline-986fa71f gb-headline-text\"><strong>Centrul Medical Anastasios Zal\u0103u<\/strong><\/h2>\n\n<\/div><\/div>\n\n<div class=\"gb-container gb-container-9562712e\"><div class=\"gb-inside-container\">\n<div class=\"gb-grid-wrapper gb-grid-wrapper-14f6a79e\">\n<div class=\"gb-grid-column gb-grid-column-cec4b2dd\"><div class=\"gb-container gb-container-cec4b2dd contaier-box-with-shadow\"><div class=\"gb-inside-container\">\n<div class=\"gb-container gb-container-8f046270\"><div class=\"gb-inside-container\">\n\n<figure class=\"wp-block-image size-full container-image-with-shadow\"><img loading=\"lazy\" decoding=\"async\" width=\"600\" height=\"900\" src=\"https:\/\/anastasios.ro\/zalau\/wp-content\/uploads\/2024\/03\/gabi-petre-medic-primar-chirurgie-generala.jpg\" alt=\"Dr. Gabriel Petre\" class=\"wp-image-2646\" srcset=\"https:\/\/anastasios.ro\/zalau\/wp-content\/uploads\/2024\/03\/gabi-petre-medic-primar-chirurgie-generala.jpg 600w, https:\/\/anastasios.ro\/zalau\/wp-content\/uploads\/2024\/03\/gabi-petre-medic-primar-chirurgie-generala-200x300.jpg 200w\" sizes=\"auto, (max-width: 600px) 100vw, 600px\" \/><\/figure>\n\n<\/div><\/div>\n\n\n<div style=\"height:12px\" aria-hidden=\"true\" class=\"wp-block-spacer\"><\/div>\n\n<\/div><\/div><\/div>\n\n<div class=\"gb-grid-column gb-grid-column-fbd1576b\"><div class=\"gb-container gb-container-fbd1576b\"><div class=\"gb-inside-container\">\n\n<p>M\u0103 numesc&nbsp;Petre Gabriel Emil&nbsp;\u0219i&nbsp;sunt medic primar Chirurgie General\u0103. Am absolvit&nbsp;Facultatea de Medicin\u0103 \u0219i Farmacie \u201eIuliu Ha\u021bieganu\u201d din Cluj-Napoca \u00een anul 2006.<\/p>\n\n\n\n<p>Am efectuat reziden\u021biatul \u00een Chirurgie General\u0103 \u00een cadrul clinicii Chirurgie IV Cluj-Napoca, sub \u00eendrumarea Prof. Dr. Mircea Cazacu \u0219i ulterior Prof. Dr. Valentin Muntean, de la care am \u00eenv\u0103\u021bat nu doar chirurgie, ci \u0219i ce \u00eenseamn\u0103 s\u0103 fii doctor. Al\u0103turi de d\u00e2n\u0219ii am descoperit dragostea \u0219i pasiunea pentru profesie, respectul \u0219i aten\u021bia fa\u021b\u0103 de pacien\u021bi \u0219i am mo\u0219tenit pasiunea pentru chirurgia cervical\u0103, \u00een special chirurgia tiroidei \u0219i paratiroidelor.<\/p>\n\n\n\n<p>\u00cen 2014 am devenit medic specialist Chirurgie General\u0103, continu\u00e2ndu-mi activitatea profesional\u0103 \u00een Clinica Chirurgie IV Cluj-Napoca.<\/p>\n\n\n\n<p>\u00cen anul 2015 am ob\u021binut titlul de Doctor \u00een \u0218tiin\u021be Medicale cu teza de doctorat intitulat\u0103 \u201eComplica\u021bii genito-urinare la pacien\u021bii cu cancer rectal trata\u021bi multimodal\u201d studiind de-asemenea aspectele legate de calitatea vie\u021bii la pacien\u021bii stomizati. Ulterior am devenit Asistent Universitar pe perioada nedeterminat\u0103 \u00een cadrul Universit\u0103\u021bii de Medicin\u0103 \u0219i Farmacie \u201cIuliu Ha\u021bieganu\u201d Cluj Napoca.<\/p>\n\n\n\n<blockquote class=\"wp-block-quote is-layout-flow wp-block-quote-is-layout-flow\">\n<p>Sunt un om responsabil \u0219i devotat at\u00e2t meseriei, c\u00e2t \u0219i pacien\u021bilor mei, motivat \u0219i perseverent, con\u0219tiincios \u0219i atent la detalii, cu bune abilit\u0103\u021bi manageriale \u0219i de comunicare. Sunt atras de varietatea \u0219i impredictibilitatea interven\u021biilor chirurgicale, neexist\u00e2nd dou\u0103 opera\u021bii identice \u0219i consider c\u0103 unul dintre punctele mele forte e capacitatea de a rezolva pe loc o problem\u0103 nou ap\u0103rut\u0103.<\/p>\n<cite><meta charset=\"utf-8\">Dr. Gabriel Petre<\/cite><\/blockquote>\n\n\n\n<p>Particip anual la cursuri \u0219i conferin\u021be na\u021bionale \u0219i interna\u021bionale, pentru a fi mereu la curent cu actualit\u0103\u021bile \u00een meseria pe care o practic. Domenii de competen\u021b\u0103 \u0219i interes: chirurgia general\u0103, chirurgia tiroidei \u0219i paratiroidelor \u0219i chirurgia laparoscopic\u0103 (Atestat European de Formare \u00een Chirurgia Laparoscopic\u0103 \u2013 2012 &#8211; I.R.C.A.D., Strasbourg). Am ob\u021binut competen\u021b\u0103 \u00een ultrasonografie general\u0103 la Universitatea de Medicin\u0103 \u015fi Farmacie \u201eIuliu Ha\u0163ieganu\u201d Cluj-Napoca \u00een februarie 2021, prezentat mai apoi interes pentru ultrasonografia interven\u021bional\u0103 \u0219i dob\u00e2ndind experien\u021b\u0103 \u00een punc\u021biile aspirative tiroidiene cu ac fin ghidate ecografic (FNAB).<\/p>\n\n\n\n<p>\u00cen anul 2021 am devenit medic primar chirurg.<\/p>\n\n<\/div><\/div><\/div>\n<\/div>\n<\/div><\/div>\n\n\n<div style=\"height:32px\" aria-hidden=\"true\" class=\"wp-block-spacer\"><\/div>\n","protected":false},"excerpt":{"rendered":"<p>Dr. Gabriel Emil Petre Medic Primar Chirurgie General\u0103 Centrul Medical Anastasios Zal\u0103u<\/p>\n","protected":false},"author":1,"featured_media":935,"parent":0,"menu_order":0,"comment_status":"closed","ping_status":"closed","template":"","meta":{"inline_featured_image":false,"footnotes":""},"class_list":["post-933","page","type-page","status-publish","has-post-thumbnail"],"yoast_head":"<!-- This site is optimized with the Yoast SEO plugin v26.8 - https:\/\/yoast.com\/product\/yoast-seo-wordpress\/ -->\n<title>Dr. Gabriel Emil Petre - Medic Primar Chirurgie General\u0103<\/title>\n<meta name=\"description\" content=\"Competen\u021b\u0103 \u00een ultrasonografie interven\u021bional\u0103, dob\u00e2ndind experien\u021b\u0103 \u00een punc\u021biile aspirative tiroidiene cu ac fin ghidate ecografic (FNAB).\" \/>\n<meta name=\"robots\" content=\"index, follow, max-snippet:-1, max-image-preview:large, max-video-preview:-1\" \/>\n<link rel=\"canonical\" href=\"https:\/\/anastasios.ro\/zalau\/dr-gabriel-emil-petre\/\" \/>\n<meta property=\"og:locale\" content=\"en_US\" \/>\n<meta property=\"og:type\" content=\"article\" \/>\n<meta property=\"og:title\" content=\"Dr. Gabriel Emil Petre - Medic Primar Chirurgie General\u0103\" \/>\n<meta property=\"og:description\" content=\"Competen\u021b\u0103 \u00een ultrasonografie interven\u021bional\u0103, dob\u00e2ndind experien\u021b\u0103 \u00een punc\u021biile aspirative tiroidiene cu ac fin ghidate ecografic (FNAB).\" \/>\n<meta property=\"og:url\" content=\"https:\/\/anastasios.ro\/zalau\/dr-gabriel-emil-petre\/\" \/>\n<meta property=\"og:site_name\" content=\"Centrul Medical Anastasios Zal\u0103u\" \/>\n<meta property=\"article:modified_time\" content=\"2024-03-22T16:38:30+00:00\" \/>\n<meta property=\"og:image\" content=\"https:\/\/anastasios.ro\/zalau\/wp-content\/uploads\/2022\/01\/prezentare-doctor-gabriel-emil-petre.jpg\" \/>\n\t<meta property=\"og:image:width\" content=\"800\" \/>\n\t<meta property=\"og:image:height\" content=\"800\" \/>\n\t<meta property=\"og:image:type\" content=\"image\/jpeg\" \/>\n<meta name=\"twitter:card\" content=\"summary_large_image\" \/>\n<meta name=\"twitter:label1\" content=\"Est. reading time\" \/>\n\t<meta name=\"twitter:data1\" content=\"2 minutes\" \/>\n<script type=\"application\/ld+json\" class=\"yoast-schema-graph\">{\"@context\":\"https:\/\/schema.org\",\"@graph\":[{\"@type\":\"WebPage\",\"@id\":\"https:\/\/anastasios.ro\/zalau\/dr-gabriel-emil-petre\/\",\"url\":\"https:\/\/anastasios.ro\/zalau\/dr-gabriel-emil-petre\/\",\"name\":\"Dr. Gabriel Emil Petre - Medic Primar Chirurgie General\u0103\",\"isPartOf\":{\"@id\":\"https:\/\/anastasios.ro\/zalau\/#website\"},\"primaryImageOfPage\":{\"@id\":\"https:\/\/anastasios.ro\/zalau\/dr-gabriel-emil-petre\/#primaryimage\"},\"image\":{\"@id\":\"https:\/\/anastasios.ro\/zalau\/dr-gabriel-emil-petre\/#primaryimage\"},\"thumbnailUrl\":\"https:\/\/anastasios.ro\/zalau\/wp-content\/uploads\/2022\/01\/prezentare-doctor-gabriel-emil-petre.jpg\",\"datePublished\":\"2022-01-13T13:16:34+00:00\",\"dateModified\":\"2024-03-22T16:38:30+00:00\",\"description\":\"Competen\u021b\u0103 \u00een ultrasonografie interven\u021bional\u0103, dob\u00e2ndind experien\u021b\u0103 \u00een punc\u021biile aspirative tiroidiene cu ac fin ghidate ecografic (FNAB).\",\"breadcrumb\":{\"@id\":\"https:\/\/anastasios.ro\/zalau\/dr-gabriel-emil-petre\/#breadcrumb\"},\"inLanguage\":\"en-US\",\"potentialAction\":[{\"@type\":\"ReadAction\",\"target\":[\"https:\/\/anastasios.ro\/zalau\/dr-gabriel-emil-petre\/\"]}]},{\"@type\":\"ImageObject\",\"inLanguage\":\"en-US\",\"@id\":\"https:\/\/anastasios.ro\/zalau\/dr-gabriel-emil-petre\/#primaryimage\",\"url\":\"https:\/\/anastasios.ro\/zalau\/wp-content\/uploads\/2022\/01\/prezentare-doctor-gabriel-emil-petre.jpg\",\"contentUrl\":\"https:\/\/anastasios.ro\/zalau\/wp-content\/uploads\/2022\/01\/prezentare-doctor-gabriel-emil-petre.jpg\",\"width\":800,\"height\":800,\"caption\":\"prezentare doctor gabriel emil petre\"},{\"@type\":\"BreadcrumbList\",\"@id\":\"https:\/\/anastasios.ro\/zalau\/dr-gabriel-emil-petre\/#breadcrumb\",\"itemListElement\":[{\"@type\":\"ListItem\",\"position\":1,\"name\":\"Home\",\"item\":\"https:\/\/anastasios.ro\/zalau\/\"},{\"@type\":\"ListItem\",\"position\":2,\"name\":\"Medic &#8211; Dr. Gabriel Emil Petre\"}]},{\"@type\":\"WebSite\",\"@id\":\"https:\/\/anastasios.ro\/zalau\/#website\",\"url\":\"https:\/\/anastasios.ro\/zalau\/\",\"name\":\"Centrul Medical Anastasios Zal\u0103u\",\"description\":\"\",\"publisher\":{\"@id\":\"https:\/\/anastasios.ro\/zalau\/#organization\"},\"potentialAction\":[{\"@type\":\"SearchAction\",\"target\":{\"@type\":\"EntryPoint\",\"urlTemplate\":\"https:\/\/anastasios.ro\/zalau\/?s={search_term_string}\"},\"query-input\":{\"@type\":\"PropertyValueSpecification\",\"valueRequired\":true,\"valueName\":\"search_term_string\"}}],\"inLanguage\":\"en-US\"},{\"@type\":\"Organization\",\"@id\":\"https:\/\/anastasios.ro\/zalau\/#organization\",\"name\":\"Centrul Medical Anastasios Zal\u0103u\",\"url\":\"https:\/\/anastasios.ro\/zalau\/\",\"logo\":{\"@type\":\"ImageObject\",\"inLanguage\":\"en-US\",\"@id\":\"https:\/\/anastasios.ro\/zalau\/#\/schema\/logo\/image\/\",\"url\":\"https:\/\/anastasios.ro\/zalau\/wp-content\/uploads\/2022\/12\/anastasios_zalau.svg\",\"contentUrl\":\"https:\/\/anastasios.ro\/zalau\/wp-content\/uploads\/2022\/12\/anastasios_zalau.svg\",\"caption\":\"Centrul Medical Anastasios Zal\u0103u\"},\"image\":{\"@id\":\"https:\/\/anastasios.ro\/zalau\/#\/schema\/logo\/image\/\"}}]}<\/script>\n<!-- \/ Yoast SEO plugin. -->","yoast_head_json":{"title":"Dr. Gabriel Emil Petre - Medic Primar Chirurgie General\u0103","description":"Competen\u021b\u0103 \u00een ultrasonografie interven\u021bional\u0103, dob\u00e2ndind experien\u021b\u0103 \u00een punc\u021biile aspirative tiroidiene cu ac fin ghidate ecografic (FNAB).","robots":{"index":"index","follow":"follow","max-snippet":"max-snippet:-1","max-image-preview":"max-image-preview:large","max-video-preview":"max-video-preview:-1"},"canonical":"https:\/\/anastasios.ro\/zalau\/dr-gabriel-emil-petre\/","og_locale":"en_US","og_type":"article","og_title":"Dr. Gabriel Emil Petre - Medic Primar Chirurgie General\u0103","og_description":"Competen\u021b\u0103 \u00een ultrasonografie interven\u021bional\u0103, dob\u00e2ndind experien\u021b\u0103 \u00een punc\u021biile aspirative tiroidiene cu ac fin ghidate ecografic (FNAB).","og_url":"https:\/\/anastasios.ro\/zalau\/dr-gabriel-emil-petre\/","og_site_name":"Centrul Medical Anastasios Zal\u0103u","article_modified_time":"2024-03-22T16:38:30+00:00","og_image":[{"width":800,"height":800,"url":"https:\/\/anastasios.ro\/zalau\/wp-content\/uploads\/2022\/01\/prezentare-doctor-gabriel-emil-petre.jpg","type":"image\/jpeg"}],"twitter_card":"summary_large_image","twitter_misc":{"Est. reading time":"2 minutes"},"schema":{"@context":"https:\/\/schema.org","@graph":[{"@type":"WebPage","@id":"https:\/\/anastasios.ro\/zalau\/dr-gabriel-emil-petre\/","url":"https:\/\/anastasios.ro\/zalau\/dr-gabriel-emil-petre\/","name":"Dr. Gabriel Emil Petre - Medic Primar Chirurgie General\u0103","isPartOf":{"@id":"https:\/\/anastasios.ro\/zalau\/#website"},"primaryImageOfPage":{"@id":"https:\/\/anastasios.ro\/zalau\/dr-gabriel-emil-petre\/#primaryimage"},"image":{"@id":"https:\/\/anastasios.ro\/zalau\/dr-gabriel-emil-petre\/#primaryimage"},"thumbnailUrl":"https:\/\/anastasios.ro\/zalau\/wp-content\/uploads\/2022\/01\/prezentare-doctor-gabriel-emil-petre.jpg","datePublished":"2022-01-13T13:16:34+00:00","dateModified":"2024-03-22T16:38:30+00:00","description":"Competen\u021b\u0103 \u00een ultrasonografie interven\u021bional\u0103, dob\u00e2ndind experien\u021b\u0103 \u00een punc\u021biile aspirative tiroidiene cu ac fin ghidate ecografic (FNAB).","breadcrumb":{"@id":"https:\/\/anastasios.ro\/zalau\/dr-gabriel-emil-petre\/#breadcrumb"},"inLanguage":"en-US","potentialAction":[{"@type":"ReadAction","target":["https:\/\/anastasios.ro\/zalau\/dr-gabriel-emil-petre\/"]}]},{"@type":"ImageObject","inLanguage":"en-US","@id":"https:\/\/anastasios.ro\/zalau\/dr-gabriel-emil-petre\/#primaryimage","url":"https:\/\/anastasios.ro\/zalau\/wp-content\/uploads\/2022\/01\/prezentare-doctor-gabriel-emil-petre.jpg","contentUrl":"https:\/\/anastasios.ro\/zalau\/wp-content\/uploads\/2022\/01\/prezentare-doctor-gabriel-emil-petre.jpg","width":800,"height":800,"caption":"prezentare doctor gabriel emil petre"},{"@type":"BreadcrumbList","@id":"https:\/\/anastasios.ro\/zalau\/dr-gabriel-emil-petre\/#breadcrumb","itemListElement":[{"@type":"ListItem","position":1,"name":"Home","item":"https:\/\/anastasios.ro\/zalau\/"},{"@type":"ListItem","position":2,"name":"Medic &#8211; Dr. Gabriel Emil Petre"}]},{"@type":"WebSite","@id":"https:\/\/anastasios.ro\/zalau\/#website","url":"https:\/\/anastasios.ro\/zalau\/","name":"Centrul Medical Anastasios Zal\u0103u","description":"","publisher":{"@id":"https:\/\/anastasios.ro\/zalau\/#organization"},"potentialAction":[{"@type":"SearchAction","target":{"@type":"EntryPoint","urlTemplate":"https:\/\/anastasios.ro\/zalau\/?s={search_term_string}"},"query-input":{"@type":"PropertyValueSpecification","valueRequired":true,"valueName":"search_term_string"}}],"inLanguage":"en-US"},{"@type":"Organization","@id":"https:\/\/anastasios.ro\/zalau\/#organization","name":"Centrul Medical Anastasios Zal\u0103u","url":"https:\/\/anastasios.ro\/zalau\/","logo":{"@type":"ImageObject","inLanguage":"en-US","@id":"https:\/\/anastasios.ro\/zalau\/#\/schema\/logo\/image\/","url":"https:\/\/anastasios.ro\/zalau\/wp-content\/uploads\/2022\/12\/anastasios_zalau.svg","contentUrl":"https:\/\/anastasios.ro\/zalau\/wp-content\/uploads\/2022\/12\/anastasios_zalau.svg","caption":"Centrul Medical Anastasios Zal\u0103u"},"image":{"@id":"https:\/\/anastasios.ro\/zalau\/#\/schema\/logo\/image\/"}}]}},"_links":{"self":[{"href":"https:\/\/anastasios.ro\/zalau\/wp-json\/wp\/v2\/pages\/933","targetHints":{"allow":["GET"]}}],"collection":[{"href":"https:\/\/anastasios.ro\/zalau\/wp-json\/wp\/v2\/pages"}],"about":[{"href":"https:\/\/anastasios.ro\/zalau\/wp-json\/wp\/v2\/types\/page"}],"author":[{"embeddable":true,"href":"https:\/\/anastasios.ro\/zalau\/wp-json\/wp\/v2\/users\/1"}],"replies":[{"embeddable":true,"href":"https:\/\/anastasios.ro\/zalau\/wp-json\/wp\/v2\/comments?post=933"}],"version-history":[{"count":6,"href":"https:\/\/anastasios.ro\/zalau\/wp-json\/wp\/v2\/pages\/933\/revisions"}],"predecessor-version":[{"id":2649,"href":"https:\/\/anastasios.ro\/zalau\/wp-json\/wp\/v2\/pages\/933\/revisions\/2649"}],"wp:featuredmedia":[{"embeddable":true,"href":"https:\/\/anastasios.ro\/zalau\/wp-json\/wp\/v2\/media\/935"}],"wp:attachment":[{"href":"https:\/\/anastasios.ro\/zalau\/wp-json\/wp\/v2\/media?parent=933"}],"curies":[{"name":"wp","href":"https:\/\/api.w.org\/{rel}","templated":true}]}}